{"id":1288,"date":"2022-05-18T09:45:34","date_gmt":"2022-05-18T09:45:34","guid":{"rendered":"https:\/\/end-hiv.local\/ponle-fin-al-estigma\/"},"modified":"2025-03-07T21:44:02","modified_gmt":"2025-03-07T21:44:02","slug":"ponle-fin-al-estigma","status":"publish","type":"page","link":"https:\/\/endhivdallascounty.org\/es\/ponle-fin-al-estigma\/","title":{"rendered":"Ponle Fin al Estigma"},"content":{"rendered":"<div class=\"tw:bg-black\">\n  <div class=\"tw:@container tw:relative tw:max-w-[2370px] tw:mx-auto\">\n    <img decoding=\"async\" width=\"2000\" height=\"580\" data-src=\"https:\/\/endhivdallascounty.org\/wp-content\/uploads\/2025\/02\/end-the-stigma.jpg\" class=\"tw:hidden tw:xl:block tw:pointer-events-none tw:select-none tw:w-full tw:aspect-40\/11 tw:object-cover tw:object-center lazyload\" alt=\"\" data-srcset=\"https:\/\/endhivdallascounty.org\/wp-content\/uploads\/2025\/02\/end-the-stigma.jpg 2000w, https:\/\/endhivdallascounty.org\/wp-content\/uploads\/2025\/02\/end-the-stigma-300x87.jpg 300w, https:\/\/endhivdallascounty.org\/wp-content\/uploads\/2025\/02\/end-the-stigma-1024x297.jpg 1024w, https:\/\/endhivdallascounty.org\/wp-content\/uploads\/2025\/02\/end-the-stigma-768x223.jpg 768w, https:\/\/endhivdallascounty.org\/wp-content\/uploads\/2025\/02\/end-the-stigma-1536x445.jpg 1536w, https:\/\/endhivdallascounty.org\/wp-content\/uploads\/2025\/02\/end-the-stigma-500x145.jpg 500w\" data-sizes=\"(max-width: 2000px) 100vw, 2000px\" src=\"data:image\/svg+xml;base64,PHN2ZyB3aWR0aD0iMSIgaGVpZ2h0PSIxIiB4bWxucz0iaHR0cDovL3d3dy53My5vcmcvMjAwMC9zdmciPjwvc3ZnPg==\" style=\"--smush-placeholder-width: 2000px; --smush-placeholder-aspect-ratio: 2000\/580;\" \/><img decoding=\"async\" width=\"2000\" height=\"580\" data-src=\"https:\/\/endhivdallascounty.org\/wp-content\/uploads\/2025\/02\/end-the-stigma.jpg\" class=\"tw:xl:!hidden tw:pointer-events-none tw:select-none tw:w-full tw:aspect-384\/193 tw:object-cover tw:object-center lazyload\" alt=\"\" data-srcset=\"https:\/\/endhivdallascounty.org\/wp-content\/uploads\/2025\/02\/end-the-stigma.jpg 2000w, https:\/\/endhivdallascounty.org\/wp-content\/uploads\/2025\/02\/end-the-stigma-300x87.jpg 300w, https:\/\/endhivdallascounty.org\/wp-content\/uploads\/2025\/02\/end-the-stigma-1024x297.jpg 1024w, https:\/\/endhivdallascounty.org\/wp-content\/uploads\/2025\/02\/end-the-stigma-768x223.jpg 768w, https:\/\/endhivdallascounty.org\/wp-content\/uploads\/2025\/02\/end-the-stigma-1536x445.jpg 1536w, https:\/\/endhivdallascounty.org\/wp-content\/uploads\/2025\/02\/end-the-stigma-500x145.jpg 500w\" data-sizes=\"(max-width: 2000px) 100vw, 2000px\" src=\"data:image\/svg+xml;base64,PHN2ZyB3aWR0aD0iMSIgaGVpZ2h0PSIxIiB4bWxucz0iaHR0cDovL3d3dy53My5vcmcvMjAwMC9zdmciPjwvc3ZnPg==\" style=\"--smush-placeholder-width: 2000px; --smush-placeholder-aspect-ratio: 2000\/580;\" \/>\n                <h1\n        class=\"tw:!text-[9.4cqw] tw:xl:!text-[min(6.3cqw,150px)] tw:font-bangers tw:absolute tw:top-1\/2 tw:-translate-y-1\/2 tw:left-[5%] tw:xl:left-[15%] tw:!text-white tw:!leading-[.85]\">\n        ACABANDO <br \/>\r\nCON EL <br \/>\r\nESTIGMA      <\/h1>\n      <\/div>\n<\/div>\n\n\n  \n  <div class=\"body-block end-the-stigma \" style=\"background-color: #e93c7c;\">\n    <div class=\"container\">\n              \n\n  <div class=\"text-block\">\n    \n    <div class=\"content\">\n              <p>El miedo acerca de las ITS y el VIH no es nada nuevo. Pero el miedo es lo que causa el estigma, y ansiedad acerca de una condici\u00f3n en particular pueden llevar a las personas percibirlo negativamente y evitar a individuos asociados con lo que se tiene miedo\u2014creando un sentido de exclusi\u00f3n social discriminaci\u00f3n, y estereotipos negativos. Esto puede llevar a sentimientos de verg\u00fcenza, miedo de compartir o revelar sus estatus, aislamiento, y depresi\u00f3n. Es una de las principales razones por las que las personas se resisten a buscar informaci\u00f3n o a hacerse la prueba para detectar ITS o VIH. Podemos parar esto. Al discutir los cuidados de salud sexual y actuar para compartir informaci\u00f3n correcta podemos evitar el estigma y la discriminaci\u00f3n. Tenemos unos ejemplos del tipo de estigma y discriminaci\u00f3n que la gente siente todos los d\u00edas:<\/p>\n      \n      \n      \n\n<p><\/p>\n\n\n    <\/div>\n  <\/div>\n\n\n\n          <\/div>\n  <\/div>\n\n\n\n\n  \n  <div class=\"body-block end-the-stigma \" style=\"background-color: #006aa6;\">\n    <div class=\"container\">\n              \n\n      <div class=\"card-block\">\n      <div class=\"row\">\n                  <div class=\"col-md-6 col-lg-6\">\n            <div class=\"card\">\n              <div class=\"header\">\n                <h2 class=\"title\">CREENCIAS<\/h2>\n              <\/div>\n              <div class=\"body\">\n                <p>El creer que solo ciertos grupos pueden contraer ITS o VIH. El sentir que las personas se merecen contraer un ITS o VIH debido a lo que hacen en sus vidas.  <\/p>\n              <\/div>\n            <\/div>\n          <\/div>\n                  <div class=\"col-md-6 col-lg-6\">\n            <div class=\"card\">\n              <div class=\"header\">\n                <h2 class=\"title\">COMPORTAMIENTO<\/h2>\n              <\/div>\n              <div class=\"body\">\n                <p>El juzgar moralmente a la gente que toma los pasos para prevenir la transmisi\u00f3n de ITS o VIH. Aislando socialmente a un miembro de la comunidad simplemente porque viven con VIH, SIDA u otra ITS.<br \/>\nReferirse a las personas con motes degradantes. <\/p>\n              <\/div>\n            <\/div>\n          <\/div>\n                  <div class=\"col-md-6 col-lg-6\">\n            <div class=\"card\">\n              <div class=\"header\">\n                <h2 class=\"title\">EVITAR<\/h2>\n              <\/div>\n              <div class=\"body\">\n                <p>Un profesional de la salud que se reh\u00fasa a proporcionar cuidados o servicios a una persona que vive con VIH. Rehusar tener contacto casual con alguien que vive con VIH o SIDA\u2014como el no compartir comida o bebidas o el darse la mano. <\/p>\n              <\/div>\n            <\/div>\n          <\/div>\n                  <div class=\"col-md-6 col-lg-6\">\n            <div class=\"card\">\n              <div class=\"header\">\n                <h2 class=\"title\">ACABAR CON EL ESTIGMA DEL VIH <\/h2>\n              <\/div>\n              <div class=\"body\">\n                <p>El estigma se refiere a las actitudes y creencias negativas acerca de la gente que vive con VIH. Es el prejuicio contra un grupo de personas que trata de empujarlos fuera de la sociedad. El estigma lleva al acoso y al maltrato de los que viven con VIH y de los que se piensa que lo tienen porque son miembros de esos grupos o comunidades. El miedo, desinformaci\u00f3n, y discriminaci\u00f3n que afectan a la gente que vive con VIH puede ser peligroso. Acabemos el estigma del VIH al refutar la desinformaci\u00f3n con datos ver\u00eddicos.<\/p>\n              <\/div>\n            <\/div>\n          <\/div>\n              <\/div>\n    <\/div>\n  \n\n\n          <\/div>\n  <\/div>\n\n\n\n\n  \n  <div class=\"body-block end-the-stigma \" style=\"background-color: #e93c7c;\">\n    <div class=\"container\">\n              \n\n  <div class=\"text-block\">\n    \n    <div class=\"content\">\n              <p><strong>El VIH y el SIDA en particular han dado paso a un profundo estigma desde los a\u00f1os 80cuando hab\u00eda poca o nada de informaci\u00f3n acerca del VIH y el SIDA.<\/strong> Esto puede llevar a sentimientos de verg\u00fcenza, miedo de compartir o revelar sus estatus, aislamiento, y depresi\u00f3n. Es una de las principales razones por las que las personas se resisten a buscar informaci\u00f3n o a hacerse la prueba para detectar ITS o VIH. Podemos parar esto. Al discutir los cuidados de salud sexual y actuar para compartir informaci\u00f3n correcta podemos evitar el estigma y la discriminaci\u00f3n.<\/p>\n      \n      \n      \n\n<p><\/p>\n\n\n    <\/div>\n  <\/div>\n\n\n\n          <\/div>\n  <\/div>\n\n","protected":false},"excerpt":{"rendered":"","protected":false},"author":1,"featured_media":0,"parent":0,"menu_order":0,"comment_status":"closed","ping_status":"closed","template":"templates\/end-the-stigma.php","meta":{"_acf_changed":false,"content-type":"","footnotes":""},"class_list":["post-1288","page","type-page","status-publish","hentry"],"acf":[],"yoast_head":"<!-- This site is optimized with the Yoast SEO plugin v27.5 - https:\/\/yoast.com\/product\/yoast-seo-wordpress\/ -->\n<title>Ponle Fin al Estigma | End HIV<\/title>\n<meta name=\"description\" content=\"El miedo, la desinformaci\u00f3n y la discriminaci\u00f3n que conlleva el estigma del VIH pueden ser consecuencias peligrosas para quienes viven con \u00e9l a diario. Acabar con el estigma.\" \/>\n<meta name=\"robots\" content=\"index, follow, max-snippet:-1, max-image-preview:large, max-video-preview:-1\" \/>\n<link rel=\"canonical\" href=\"https:\/\/endhivdallascounty.org\/es\/ponle-fin-al-estigma\/\" \/>\n<meta property=\"og:locale\" content=\"es_ES\" \/>\n<meta property=\"og:type\" content=\"article\" \/>\n<meta property=\"og:title\" content=\"Ponle Fin al Estigma | End HIV\" \/>\n<meta property=\"og:description\" content=\"El miedo, la desinformaci\u00f3n y la discriminaci\u00f3n que conlleva el estigma del VIH pueden ser consecuencias peligrosas para quienes viven con \u00e9l a diario. Acabar con el estigma.\" \/>\n<meta property=\"og:url\" content=\"https:\/\/endhivdallascounty.org\/es\/ponle-fin-al-estigma\/\" \/>\n<meta property=\"og:site_name\" content=\"End HIV\" \/>\n<meta property=\"article:modified_time\" content=\"2025-03-07T21:44:02+00:00\" \/>\n<meta name=\"twitter:card\" content=\"summary_large_image\" \/>\n<script type=\"application\/ld+json\" class=\"yoast-schema-graph\">{\"@context\":\"https:\\\/\\\/schema.org\",\"@graph\":[{\"@type\":\"WebPage\",\"@id\":\"https:\\\/\\\/endhivdallascounty.org\\\/es\\\/ponle-fin-al-estigma\\\/\",\"url\":\"https:\\\/\\\/endhivdallascounty.org\\\/es\\\/ponle-fin-al-estigma\\\/\",\"name\":\"Ponle Fin al Estigma | End HIV\",\"isPartOf\":{\"@id\":\"https:\\\/\\\/endhivdallascounty.org\\\/#website\"},\"datePublished\":\"2022-05-18T09:45:34+00:00\",\"dateModified\":\"2025-03-07T21:44:02+00:00\",\"description\":\"El miedo, la desinformaci\u00f3n y la discriminaci\u00f3n que conlleva el estigma del VIH pueden ser consecuencias peligrosas para quienes viven con \u00e9l a diario. Acabar con el estigma.\",\"breadcrumb\":{\"@id\":\"https:\\\/\\\/endhivdallascounty.org\\\/es\\\/ponle-fin-al-estigma\\\/#breadcrumb\"},\"inLanguage\":\"es\",\"potentialAction\":[{\"@type\":\"ReadAction\",\"target\":[\"https:\\\/\\\/endhivdallascounty.org\\\/es\\\/ponle-fin-al-estigma\\\/\"]}]},{\"@type\":\"BreadcrumbList\",\"@id\":\"https:\\\/\\\/endhivdallascounty.org\\\/es\\\/ponle-fin-al-estigma\\\/#breadcrumb\",\"itemListElement\":[{\"@type\":\"ListItem\",\"position\":1,\"name\":\"Home\",\"item\":\"https:\\\/\\\/endhivdallascounty.org\\\/es\\\/\"},{\"@type\":\"ListItem\",\"position\":2,\"name\":\"Ponle Fin al Estigma\"}]},{\"@type\":\"WebSite\",\"@id\":\"https:\\\/\\\/endhivdallascounty.org\\\/#website\",\"url\":\"https:\\\/\\\/endhivdallascounty.org\\\/\",\"name\":\"End HIV\",\"description\":\"Just another WordPress site\",\"publisher\":{\"@id\":\"https:\\\/\\\/endhivdallascounty.org\\\/#organization\"},\"potentialAction\":[{\"@type\":\"SearchAction\",\"target\":{\"@type\":\"EntryPoint\",\"urlTemplate\":\"https:\\\/\\\/endhivdallascounty.org\\\/?s={search_term_string}\"},\"query-input\":{\"@type\":\"PropertyValueSpecification\",\"valueRequired\":true,\"valueName\":\"search_term_string\"}}],\"inLanguage\":\"es\"},{\"@type\":\"Organization\",\"@id\":\"https:\\\/\\\/endhivdallascounty.org\\\/#organization\",\"name\":\"End HIV Dallas County\",\"url\":\"https:\\\/\\\/endhivdallascounty.org\\\/\",\"logo\":{\"@type\":\"ImageObject\",\"inLanguage\":\"es\",\"@id\":\"https:\\\/\\\/endhivdallascounty.org\\\/#\\\/schema\\\/logo\\\/image\\\/\",\"url\":\"https:\\\/\\\/endhivdallascounty.org\\\/wp-content\\\/uploads\\\/2022\\\/01\\\/endhiv-logo.png\",\"contentUrl\":\"https:\\\/\\\/endhivdallascounty.org\\\/wp-content\\\/uploads\\\/2022\\\/01\\\/endhiv-logo.png\",\"width\":345,\"height\":103,\"caption\":\"End HIV Dallas County\"},\"image\":{\"@id\":\"https:\\\/\\\/endhivdallascounty.org\\\/#\\\/schema\\\/logo\\\/image\\\/\"}}]}<\/script>\n<!-- \/ Yoast SEO plugin. -->","yoast_head_json":{"title":"Ponle Fin al Estigma | End HIV","description":"El miedo, la desinformaci\u00f3n y la discriminaci\u00f3n que conlleva el estigma del VIH pueden ser consecuencias peligrosas para quienes viven con \u00e9l a diario. Acabar con el estigma.","robots":{"index":"index","follow":"follow","max-snippet":"max-snippet:-1","max-image-preview":"max-image-preview:large","max-video-preview":"max-video-preview:-1"},"canonical":"https:\/\/endhivdallascounty.org\/es\/ponle-fin-al-estigma\/","og_locale":"es_ES","og_type":"article","og_title":"Ponle Fin al Estigma | End HIV","og_description":"El miedo, la desinformaci\u00f3n y la discriminaci\u00f3n que conlleva el estigma del VIH pueden ser consecuencias peligrosas para quienes viven con \u00e9l a diario. Acabar con el estigma.","og_url":"https:\/\/endhivdallascounty.org\/es\/ponle-fin-al-estigma\/","og_site_name":"End HIV","article_modified_time":"2025-03-07T21:44:02+00:00","twitter_card":"summary_large_image","schema":{"@context":"https:\/\/schema.org","@graph":[{"@type":"WebPage","@id":"https:\/\/endhivdallascounty.org\/es\/ponle-fin-al-estigma\/","url":"https:\/\/endhivdallascounty.org\/es\/ponle-fin-al-estigma\/","name":"Ponle Fin al Estigma | End HIV","isPartOf":{"@id":"https:\/\/endhivdallascounty.org\/#website"},"datePublished":"2022-05-18T09:45:34+00:00","dateModified":"2025-03-07T21:44:02+00:00","description":"El miedo, la desinformaci\u00f3n y la discriminaci\u00f3n que conlleva el estigma del VIH pueden ser consecuencias peligrosas para quienes viven con \u00e9l a diario. Acabar con el estigma.","breadcrumb":{"@id":"https:\/\/endhivdallascounty.org\/es\/ponle-fin-al-estigma\/#breadcrumb"},"inLanguage":"es","potentialAction":[{"@type":"ReadAction","target":["https:\/\/endhivdallascounty.org\/es\/ponle-fin-al-estigma\/"]}]},{"@type":"BreadcrumbList","@id":"https:\/\/endhivdallascounty.org\/es\/ponle-fin-al-estigma\/#breadcrumb","itemListElement":[{"@type":"ListItem","position":1,"name":"Home","item":"https:\/\/endhivdallascounty.org\/es\/"},{"@type":"ListItem","position":2,"name":"Ponle Fin al Estigma"}]},{"@type":"WebSite","@id":"https:\/\/endhivdallascounty.org\/#website","url":"https:\/\/endhivdallascounty.org\/","name":"End HIV","description":"Just another WordPress site","publisher":{"@id":"https:\/\/endhivdallascounty.org\/#organization"},"potentialAction":[{"@type":"SearchAction","target":{"@type":"EntryPoint","urlTemplate":"https:\/\/endhivdallascounty.org\/?s={search_term_string}"},"query-input":{"@type":"PropertyValueSpecification","valueRequired":true,"valueName":"search_term_string"}}],"inLanguage":"es"},{"@type":"Organization","@id":"https:\/\/endhivdallascounty.org\/#organization","name":"End HIV Dallas County","url":"https:\/\/endhivdallascounty.org\/","logo":{"@type":"ImageObject","inLanguage":"es","@id":"https:\/\/endhivdallascounty.org\/#\/schema\/logo\/image\/","url":"https:\/\/endhivdallascounty.org\/wp-content\/uploads\/2022\/01\/endhiv-logo.png","contentUrl":"https:\/\/endhivdallascounty.org\/wp-content\/uploads\/2022\/01\/endhiv-logo.png","width":345,"height":103,"caption":"End HIV Dallas County"},"image":{"@id":"https:\/\/endhivdallascounty.org\/#\/schema\/logo\/image\/"}}]}},"_links":{"self":[{"href":"https:\/\/endhivdallascounty.org\/es\/wp-json\/wp\/v2\/pages\/1288","targetHints":{"allow":["GET"]}}],"collection":[{"href":"https:\/\/endhivdallascounty.org\/es\/wp-json\/wp\/v2\/pages"}],"about":[{"href":"https:\/\/endhivdallascounty.org\/es\/wp-json\/wp\/v2\/types\/page"}],"author":[{"embeddable":true,"href":"https:\/\/endhivdallascounty.org\/es\/wp-json\/wp\/v2\/users\/1"}],"replies":[{"embeddable":true,"href":"https:\/\/endhivdallascounty.org\/es\/wp-json\/wp\/v2\/comments?post=1288"}],"version-history":[{"count":9,"href":"https:\/\/endhivdallascounty.org\/es\/wp-json\/wp\/v2\/pages\/1288\/revisions"}],"predecessor-version":[{"id":4257,"href":"https:\/\/endhivdallascounty.org\/es\/wp-json\/wp\/v2\/pages\/1288\/revisions\/4257"}],"wp:attachment":[{"href":"https:\/\/endhivdallascounty.org\/es\/wp-json\/wp\/v2\/media?parent=1288"}],"curies":[{"name":"wp","href":"https:\/\/api.w.org\/{rel}","templated":true}]}}