{"id":1266,"date":"2022-06-27T06:43:27","date_gmt":"2022-06-27T06:43:27","guid":{"rendered":"https:\/\/end-hiv.local\/the-timeline\/"},"modified":"2025-03-13T13:39:06","modified_gmt":"2025-03-13T13:39:06","slug":"the-timeline","status":"publish","type":"page","link":"https:\/\/endhivdallascounty.org\/es\/the-timeline\/","title":{"rendered":"CRONOLOG\u00cdA"},"content":{"rendered":"\n  \n  <div class=\"body-block the-timeline tw:bg-ehe-blue\" >\n    <div class=\"container\">\n              \n\n  <div class=\"text-block\">\n          <div class=\"header\">\n                              <h1 class=\"title\">La historia del VIH <\/h1>\n                        <\/div>\n    \n    <div class=\"content\">\n              <p>Se necesita de toda la comunidad para acabar con la epidemia del VIH. Cada momento importa y cada hito cuenta en el esfuerzo para acabar con el VIH. Aqu\u00ed est\u00e1 qu\u00e9 tan lejos hemos llegado:<\/p>\n      \n      \n      \n    <\/div>\n  <\/div>\n\n\n\n          <\/div>\n  <\/div>\n\n\n\n\n  \n  <div class=\"body-block the-timeline timeline-header c-p-2 tw:bg-ehe-blue\" >\n    <div class=\"container\">\n      <div class=\"timeline-container\">\n        <div class=\"tab-header\">\n          <nav class=\"tab-p-holder\">\n                            <ul class=\"tab-p-container\">\n                                      <li class=\"tab-p-item active\">\n                      <a class=\"timeline-tab-link\" href=\"#year-1980\">1980<\/a>\n                    <\/li>\n                                      <li class=\"tab-p-item \">\n                      <a class=\"timeline-tab-link\" href=\"#year-1990\">1990<\/a>\n                    <\/li>\n                                      <li class=\"tab-p-item \">\n                      <a class=\"timeline-tab-link\" href=\"#year-2000\">2000<\/a>\n                    <\/li>\n                                      <li class=\"tab-p-item \">\n                      <a class=\"timeline-tab-link\" href=\"#year-2010\">2010<\/a>\n                    <\/li>\n                                      <li class=\"tab-p-item \">\n                      <a class=\"timeline-tab-link\" href=\"#year-2020\">2020<\/a>\n                    <\/li>\n                                      <li class=\"tab-p-item \">\n                      <a class=\"timeline-tab-link\" href=\"#year-2030\">2030<\/a>\n                    <\/li>\n                                  <\/ul>\n                        <\/nav>\n        <\/div>\n      <\/div>\n    <\/div>\n  <\/div>\n\n  <div class=\"body-block the-timeline timeline-content c-p-3 tw:bg-ehe-blue\" >\n    <div class=\"container\">\n      <div class=\"timeline-container\">\n        <div class=\"tab-content\">\n          <div class=\"timeline\">\n                                <h2 class=\"tw:!text-white\" id=\"year-1980\">1980<\/h2>\n                    <ul class=\"timeline-items\">\n                                          <\/ul>\n                                      <h2 class=\"tw:!text-white\" id=\"year-1981\">1981<\/h2>\n                    <ul class=\"timeline-items\">\n                                                  <li class=\"timeline-item inverted\">\n                              <section>\n                                                                                                  <div class=\"image-block inverted\">\n                                    <img decoding=\"async\" width=\"401\" height=\"315\" data-src=\"https:\/\/endhivdallascounty.org\/wp-content\/uploads\/2022\/06\/The-TImeline-1980-June.jpg\" class=\"attachment-full size-full lazyload\" alt=\"\" data-srcset=\"https:\/\/endhivdallascounty.org\/wp-content\/uploads\/2022\/06\/The-TImeline-1980-June.jpg 401w, https:\/\/endhivdallascounty.org\/wp-content\/uploads\/2022\/06\/The-TImeline-1980-June-300x236.jpg 300w\" data-sizes=\"(max-width: 401px) 100vw, 401px\" src=\"data:image\/svg+xml;base64,PHN2ZyB3aWR0aD0iMSIgaGVpZ2h0PSIxIiB4bWxucz0iaHR0cDovL3d3dy53My5vcmcvMjAwMC9zdmciPjwvc3ZnPg==\" style=\"--smush-placeholder-width: 401px; --smush-placeholder-aspect-ratio: 401\/315;\" \/>                                  <\/div>\n                                                                <div class=\"text-block  inverted\">\n                                  <h2>5 de Junio del 1981<\/h2>\n                                  <span>SIDA (S\u00edndrome de Inmunodeficiencia Adquirida) se identifica y documenta por primera vez. Se suele considerar el principio de la epidemia de VIH y SIDA. <\/span>\n                                <\/div>\n                              <\/section>\n                            <\/li>\n                                              <\/ul>\n                                      <h2 class=\"tw:!text-white\" id=\"year-1990\">1990<\/h2>\n                    <ul class=\"timeline-items\">\n                                                  <li class=\"timeline-item inverted\">\n                              <section>\n                                                                                                  <div class=\"image-block inverted\">\n                                    <img decoding=\"async\" width=\"401\" height=\"315\" data-src=\"https:\/\/endhivdallascounty.org\/wp-content\/uploads\/2022\/06\/The-TImeline-1990-April.jpg\" class=\"attachment-full size-full lazyload\" alt=\"\" data-srcset=\"https:\/\/endhivdallascounty.org\/wp-content\/uploads\/2022\/06\/The-TImeline-1990-April.jpg 401w, https:\/\/endhivdallascounty.org\/wp-content\/uploads\/2022\/06\/The-TImeline-1990-April-300x236.jpg 300w\" data-sizes=\"(max-width: 401px) 100vw, 401px\" src=\"data:image\/svg+xml;base64,PHN2ZyB3aWR0aD0iMSIgaGVpZ2h0PSIxIiB4bWxucz0iaHR0cDovL3d3dy53My5vcmcvMjAwMC9zdmciPjwvc3ZnPg==\" style=\"--smush-placeholder-width: 401px; --smush-placeholder-aspect-ratio: 401\/315;\" \/>                                  <\/div>\n                                                                <div class=\"text-block  inverted\">\n                                  <h2>8 de Abril del 1990<\/h2>\n                                  <span>Ryan White muere de una enfermedad relacionada con el SIDA a la edad de 18 a\u00f1os. <\/span>\n                                <\/div>\n                              <\/section>\n                            <\/li>\n                                                      <li class=\"timeline-item reverted\">\n                              <section>\n                                                                                                  <div class=\"image-block reverted\">\n                                    <img decoding=\"async\" width=\"401\" height=\"315\" data-src=\"https:\/\/endhivdallascounty.org\/wp-content\/uploads\/2022\/06\/The-TImeline-1990-August.jpg\" class=\"attachment-full size-full lazyload\" alt=\"\" data-srcset=\"https:\/\/endhivdallascounty.org\/wp-content\/uploads\/2022\/06\/The-TImeline-1990-August.jpg 401w, https:\/\/endhivdallascounty.org\/wp-content\/uploads\/2022\/06\/The-TImeline-1990-August-300x236.jpg 300w\" data-sizes=\"(max-width: 401px) 100vw, 401px\" src=\"data:image\/svg+xml;base64,PHN2ZyB3aWR0aD0iMSIgaGVpZ2h0PSIxIiB4bWxucz0iaHR0cDovL3d3dy53My5vcmcvMjAwMC9zdmciPjwvc3ZnPg==\" style=\"--smush-placeholder-width: 401px; --smush-placeholder-aspect-ratio: 401\/315;\" \/>                                  <\/div>\n                                                                <div class=\"text-block  reverted\">\n                                  <h2>8 de Agosto del 1990<\/h2>\n                                  <span>El Congreso de los EEUU adopta el Ryan White Comprehensive AIDS Resources Emergency (CARE) Act de 1990, que proporciona fondos federales para cuidados de VIH y tratamientos<\/span>\n                                <\/div>\n                              <\/section>\n                            <\/li>\n                                              <\/ul>\n                                      <h2 class=\"tw:!text-white\" id=\"year-2000\">2000<\/h2>\n                    <ul class=\"timeline-items\">\n                                                  <li class=\"timeline-item inverted\">\n                              <section>\n                                                                                                  <div class=\"image-block inverted\">\n                                    <img decoding=\"async\" width=\"401\" height=\"315\" data-src=\"https:\/\/endhivdallascounty.org\/wp-content\/uploads\/2022\/06\/The-TImeline-2000-January.jpg\" class=\"attachment-full size-full lazyload\" alt=\"\" data-srcset=\"https:\/\/endhivdallascounty.org\/wp-content\/uploads\/2022\/06\/The-TImeline-2000-January.jpg 401w, https:\/\/endhivdallascounty.org\/wp-content\/uploads\/2022\/06\/The-TImeline-2000-January-300x236.jpg 300w\" data-sizes=\"(max-width: 401px) 100vw, 401px\" src=\"data:image\/svg+xml;base64,PHN2ZyB3aWR0aD0iMSIgaGVpZ2h0PSIxIiB4bWxucz0iaHR0cDovL3d3dy53My5vcmcvMjAwMC9zdmciPjwvc3ZnPg==\" style=\"--smush-placeholder-width: 401px; --smush-placeholder-aspect-ratio: 401\/315;\" \/>                                  <\/div>\n                                                                <div class=\"text-block  inverted\">\n                                  <h2>Enero del 2000<\/h2>\n                                  <span>El Presidente Bill Clinton anuncia la Millennium Vaccine Initiative, la cual promueve la distribuci\u00f3n de vacunas en pa\u00edses en v\u00edas de desarrollo y acelera el desarrollo de nuevas vacunas.  <\/span>\n                                <\/div>\n                              <\/section>\n                            <\/li>\n                                                      <li class=\"timeline-item reverted\">\n                              <section>\n                                                                                                  <div class=\"image-block reverted\">\n                                    <img decoding=\"async\" width=\"401\" height=\"315\" data-src=\"https:\/\/endhivdallascounty.org\/wp-content\/uploads\/2022\/06\/The-TImeline-2000-April.jpg\" class=\"attachment-full size-full lazyload\" alt=\"\" data-srcset=\"https:\/\/endhivdallascounty.org\/wp-content\/uploads\/2022\/06\/The-TImeline-2000-April.jpg 401w, https:\/\/endhivdallascounty.org\/wp-content\/uploads\/2022\/06\/The-TImeline-2000-April-300x236.jpg 300w\" data-sizes=\"(max-width: 401px) 100vw, 401px\" src=\"data:image\/svg+xml;base64,PHN2ZyB3aWR0aD0iMSIgaGVpZ2h0PSIxIiB4bWxucz0iaHR0cDovL3d3dy53My5vcmcvMjAwMC9zdmciPjwvc3ZnPg==\" style=\"--smush-placeholder-width: 401px; --smush-placeholder-aspect-ratio: 401\/315;\" \/>                                  <\/div>\n                                                                <div class=\"text-block  reverted\">\n                                  <h2>30 de Abril del 2000<\/h2>\n                                  <span>El Presidente Bill Clinton declara el VIH\/SIDA una amenaza a la seguridad social de los EEUU. <\/span>\n                                <\/div>\n                              <\/section>\n                            <\/li>\n                                                      <li class=\"timeline-item inverted\">\n                              <section>\n                                                                                                  <div class=\"image-block inverted\">\n                                    <img decoding=\"async\" width=\"401\" height=\"315\" data-src=\"https:\/\/endhivdallascounty.org\/wp-content\/uploads\/2022\/06\/The-TImeline-2000-July.jpg\" class=\"attachment-full size-full lazyload\" alt=\"\" data-srcset=\"https:\/\/endhivdallascounty.org\/wp-content\/uploads\/2022\/06\/The-TImeline-2000-July.jpg 401w, https:\/\/endhivdallascounty.org\/wp-content\/uploads\/2022\/06\/The-TImeline-2000-July-300x236.jpg 300w\" data-sizes=\"(max-width: 401px) 100vw, 401px\" src=\"data:image\/svg+xml;base64,PHN2ZyB3aWR0aD0iMSIgaGVpZ2h0PSIxIiB4bWxucz0iaHR0cDovL3d3dy53My5vcmcvMjAwMC9zdmciPjwvc3ZnPg==\" style=\"--smush-placeholder-width: 401px; --smush-placeholder-aspect-ratio: 401\/315;\" \/>                                  <\/div>\n                                                                <div class=\"text-block  inverted\">\n                                  <h2>Julio del 2000<\/h2>\n                                  <span>UNAIDS (el Joint United Nations Programme on HIV\/AIDS), la Organizaci\u00f3n Mundial de la Salud y otras organizaciones de salud globales anuncian una iniciativa conjunta para negocia la reducci\u00f3n de precios para medicamentos contra el VIH\/SIDA en los pa\u00edses en v\u00edas de desarrollo.<\/span>\n                                <\/div>\n                              <\/section>\n                            <\/li>\n                                                      <li class=\"timeline-item reverted\">\n                              <section>\n                                                                                                  <div class=\"image-block reverted\">\n                                    <img decoding=\"async\" width=\"401\" height=\"315\" data-src=\"https:\/\/endhivdallascounty.org\/wp-content\/uploads\/2022\/06\/The-TImeline-2000-August.jpg\" class=\"attachment-full size-full lazyload\" alt=\"\" data-srcset=\"https:\/\/endhivdallascounty.org\/wp-content\/uploads\/2022\/06\/The-TImeline-2000-August.jpg 401w, https:\/\/endhivdallascounty.org\/wp-content\/uploads\/2022\/06\/The-TImeline-2000-August-300x236.jpg 300w\" data-sizes=\"(max-width: 401px) 100vw, 401px\" src=\"data:image\/svg+xml;base64,PHN2ZyB3aWR0aD0iMSIgaGVpZ2h0PSIxIiB4bWxucz0iaHR0cDovL3d3dy53My5vcmcvMjAwMC9zdmciPjwvc3ZnPg==\" style=\"--smush-placeholder-width: 401px; --smush-placeholder-aspect-ratio: 401\/315;\" \/>                                  <\/div>\n                                                                <div class=\"text-block  reverted\">\n                                  <h2>Agosto del 2000<\/h2>\n                                  <span>El Congreso de los EEUU adopta Global AIDS and Tuberculosis Relief Act del 2000. Este autoriza $600 millones en fondos para recursos.  <br \/>\r\n<\/span>\n                                <\/div>\n                              <\/section>\n                            <\/li>\n                                              <\/ul>\n                                      <h2 class=\"tw:!text-white\" id=\"year-2001\">2001<\/h2>\n                    <ul class=\"timeline-items\">\n                                                  <li class=\"timeline-item inverted\">\n                              <section>\n                                                                                                  <div class=\"image-block inverted\">\n                                    <img decoding=\"async\" width=\"401\" height=\"315\" data-src=\"https:\/\/endhivdallascounty.org\/wp-content\/uploads\/2022\/06\/The-TImeline-2001-May.jpg\" class=\"attachment-full size-full lazyload\" alt=\"\" data-srcset=\"https:\/\/endhivdallascounty.org\/wp-content\/uploads\/2022\/06\/The-TImeline-2001-May.jpg 401w, https:\/\/endhivdallascounty.org\/wp-content\/uploads\/2022\/06\/The-TImeline-2001-May-300x236.jpg 300w\" data-sizes=\"(max-width: 401px) 100vw, 401px\" src=\"data:image\/svg+xml;base64,PHN2ZyB3aWR0aD0iMSIgaGVpZ2h0PSIxIiB4bWxucz0iaHR0cDovL3d3dy53My5vcmcvMjAwMC9zdmciPjwvc3ZnPg==\" style=\"--smush-placeholder-width: 401px; --smush-placeholder-aspect-ratio: 401\/315;\" \/>                                  <\/div>\n                                                                <div class=\"text-block  inverted\">\n                                  <h2>Mayo del 2001<\/h2>\n                                  <span>La primera vez que se observa el D\u00eda de Concientizaci\u00f3n de la Vacuna Contra el VIH .<\/span>\n                                <\/div>\n                              <\/section>\n                            <\/li>\n                                                      <li class=\"timeline-item reverted\">\n                              <section>\n                                                                                                  <div class=\"image-block reverted\">\n                                    <img decoding=\"async\" width=\"401\" height=\"315\" data-src=\"https:\/\/endhivdallascounty.org\/wp-content\/uploads\/2022\/06\/The-TImeline-2001-November.jpg\" class=\"attachment-full size-full lazyload\" alt=\"\" data-srcset=\"https:\/\/endhivdallascounty.org\/wp-content\/uploads\/2022\/06\/The-TImeline-2001-November.jpg 401w, https:\/\/endhivdallascounty.org\/wp-content\/uploads\/2022\/06\/The-TImeline-2001-November-300x236.jpg 300w\" data-sizes=\"(max-width: 401px) 100vw, 401px\" src=\"data:image\/svg+xml;base64,PHN2ZyB3aWR0aD0iMSIgaGVpZ2h0PSIxIiB4bWxucz0iaHR0cDovL3d3dy53My5vcmcvMjAwMC9zdmciPjwvc3ZnPg==\" style=\"--smush-placeholder-width: 401px; --smush-placeholder-aspect-ratio: 401\/315;\" \/>                                  <\/div>\n                                                                <div class=\"text-block  reverted\">\n                                  <h2>Noviembre del 2001<\/h2>\n                                  <span>La FDA aprueba la primera prueba r\u00e1pida para detectar el VIH.  <\/span>\n                                <\/div>\n                              <\/section>\n                            <\/li>\n                                              <\/ul>\n                                      <h2 class=\"tw:!text-white\" id=\"year-2003\">2003<\/h2>\n                    <ul class=\"timeline-items\">\n                                                  <li class=\"timeline-item inverted\">\n                              <section>\n                                                                                                  <div class=\"image-block inverted\">\n                                    <img decoding=\"async\" width=\"401\" height=\"315\" data-src=\"https:\/\/endhivdallascounty.org\/wp-content\/uploads\/2022\/06\/The-TImeline-2003-January.jpg\" class=\"attachment-full size-full lazyload\" alt=\"\" data-srcset=\"https:\/\/endhivdallascounty.org\/wp-content\/uploads\/2022\/06\/The-TImeline-2003-January.jpg 401w, https:\/\/endhivdallascounty.org\/wp-content\/uploads\/2022\/06\/The-TImeline-2003-January-300x236.jpg 300w\" data-sizes=\"(max-width: 401px) 100vw, 401px\" src=\"data:image\/svg+xml;base64,PHN2ZyB3aWR0aD0iMSIgaGVpZ2h0PSIxIiB4bWxucz0iaHR0cDovL3d3dy53My5vcmcvMjAwMC9zdmciPjwvc3ZnPg==\" style=\"--smush-placeholder-width: 401px; --smush-placeholder-aspect-ratio: 401\/315;\" \/>                                  <\/div>\n                                                                <div class=\"text-block  inverted\">\n                                  <h2>Enero del 2003<\/h2>\n                                  <span>El Presidente George W. Bush anuncia el President\u2019s Emergency Plan for AIDS Relief (PEPFAR).<\/span>\n                                <\/div>\n                              <\/section>\n                            <\/li>\n                                              <\/ul>\n                                      <h2 class=\"tw:!text-white\" id=\"year-2005\">2005<\/h2>\n                    <ul class=\"timeline-items\">\n                                                  <li class=\"timeline-item inverted\">\n                              <section>\n                                                                                                  <div class=\"image-block inverted\">\n                                    <img decoding=\"async\" width=\"401\" height=\"315\" data-src=\"https:\/\/endhivdallascounty.org\/wp-content\/uploads\/2022\/06\/The-TImeline-2005-February.jpg\" class=\"attachment-full size-full lazyload\" alt=\"\" data-srcset=\"https:\/\/endhivdallascounty.org\/wp-content\/uploads\/2022\/06\/The-TImeline-2005-February.jpg 401w, https:\/\/endhivdallascounty.org\/wp-content\/uploads\/2022\/06\/The-TImeline-2005-February-300x236.jpg 300w\" data-sizes=\"(max-width: 401px) 100vw, 401px\" src=\"data:image\/svg+xml;base64,PHN2ZyB3aWR0aD0iMSIgaGVpZ2h0PSIxIiB4bWxucz0iaHR0cDovL3d3dy53My5vcmcvMjAwMC9zdmciPjwvc3ZnPg==\" style=\"--smush-placeholder-width: 401px; --smush-placeholder-aspect-ratio: 401\/315;\" \/>                                  <\/div>\n                                                                <div class=\"text-block  inverted\">\n                                  <h2>Febrero del 2005<\/h2>\n                                  <span>UNAIDS inaugura La Coalici\u00f3n Global de Mujeres y el SIDA.<\/span>\n                                <\/div>\n                              <\/section>\n                            <\/li>\n                                              <\/ul>\n                                      <h2 class=\"tw:!text-white\" id=\"year-2006\">2006<\/h2>\n                    <ul class=\"timeline-items\">\n                                                  <li class=\"timeline-item inverted\">\n                              <section>\n                                                                                                  <div class=\"image-block inverted\">\n                                    <img decoding=\"async\" width=\"401\" height=\"316\" data-src=\"https:\/\/endhivdallascounty.org\/wp-content\/uploads\/2022\/06\/The-TImeline-2006-December.jpg\" class=\"attachment-full size-full lazyload\" alt=\"\" data-srcset=\"https:\/\/endhivdallascounty.org\/wp-content\/uploads\/2022\/06\/The-TImeline-2006-December.jpg 401w, https:\/\/endhivdallascounty.org\/wp-content\/uploads\/2022\/06\/The-TImeline-2006-December-300x236.jpg 300w\" data-sizes=\"(max-width: 401px) 100vw, 401px\" src=\"data:image\/svg+xml;base64,PHN2ZyB3aWR0aD0iMSIgaGVpZ2h0PSIxIiB4bWxucz0iaHR0cDovL3d3dy53My5vcmcvMjAwMC9zdmciPjwvc3ZnPg==\" style=\"--smush-placeholder-width: 401px; --smush-placeholder-aspect-ratio: 401\/316;\" \/>                                  <\/div>\n                                                                <div class=\"text-block  inverted\">\n                                  <h2>Diciembre del 2006<\/h2>\n                                  <span>Un estudio de la University of Illinois en Chicago indica que la circuncisi\u00f3n m\u00e9dica reduce el riesgo entre los hombres de adquirir el VIH durante las relaciones sexuales heterosexuales en un 53%.  <\/span>\n                                <\/div>\n                              <\/section>\n                            <\/li>\n                                              <\/ul>\n                                      <h2 class=\"tw:!text-white\" id=\"year-2007\">2007<\/h2>\n                    <ul class=\"timeline-items\">\n                                                  <li class=\"timeline-item inverted\">\n                              <section>\n                                                                                                  <div class=\"image-block inverted\">\n                                    <img decoding=\"async\" width=\"401\" height=\"315\" data-src=\"https:\/\/endhivdallascounty.org\/wp-content\/uploads\/2022\/06\/The-TImeline-2007-May.jpg\" class=\"attachment-full size-full lazyload\" alt=\"\" data-srcset=\"https:\/\/endhivdallascounty.org\/wp-content\/uploads\/2022\/06\/The-TImeline-2007-May.jpg 401w, https:\/\/endhivdallascounty.org\/wp-content\/uploads\/2022\/06\/The-TImeline-2007-May-300x236.jpg 300w\" data-sizes=\"(max-width: 401px) 100vw, 401px\" src=\"data:image\/svg+xml;base64,PHN2ZyB3aWR0aD0iMSIgaGVpZ2h0PSIxIiB4bWxucz0iaHR0cDovL3d3dy53My5vcmcvMjAwMC9zdmciPjwvc3ZnPg==\" style=\"--smush-placeholder-width: 401px; --smush-placeholder-aspect-ratio: 401\/315;\" \/>                                  <\/div>\n                                                                <div class=\"text-block  inverted\">\n                                  <h2>Mayo del 2007<\/h2>\n                                  <span>WHO y UNAIDS emiten nuevas recomendaciones para que los proveedores inicien las pruebas de VIH en los \u00e1mbitos m\u00e9dicos. Esto hace que las pruebas de VIH est\u00e9n disponibles en m\u00e1s cl\u00ednicas. El CDC reporta que m\u00e1s de 565,000 personas han muerto de SIDA en los EEUU desde 1981.<\/span>\n                                <\/div>\n                              <\/section>\n                            <\/li>\n                                              <\/ul>\n                                      <h2 class=\"tw:!text-white\" id=\"year-2009\">2009<\/h2>\n                    <ul class=\"timeline-items\">\n                                                  <li class=\"timeline-item inverted\">\n                              <section>\n                                                                                                  <div class=\"image-block inverted\">\n                                    <img decoding=\"async\" width=\"401\" height=\"315\" data-src=\"https:\/\/endhivdallascounty.org\/wp-content\/uploads\/2022\/06\/The-TImeline-2009-January.jpg\" class=\"attachment-full size-full lazyload\" alt=\"\" data-srcset=\"https:\/\/endhivdallascounty.org\/wp-content\/uploads\/2022\/06\/The-TImeline-2009-January.jpg 401w, https:\/\/endhivdallascounty.org\/wp-content\/uploads\/2022\/06\/The-TImeline-2009-January-300x236.jpg 300w\" data-sizes=\"(max-width: 401px) 100vw, 401px\" src=\"data:image\/svg+xml;base64,PHN2ZyB3aWR0aD0iMSIgaGVpZ2h0PSIxIiB4bWxucz0iaHR0cDovL3d3dy53My5vcmcvMjAwMC9zdmciPjwvc3ZnPg==\" style=\"--smush-placeholder-width: 401px; --smush-placeholder-aspect-ratio: 401\/315;\" \/>                                  <\/div>\n                                                                <div class=\"text-block  inverted\">\n                                  <h2>Enero del 2009<\/h2>\n                                  <span>El Presidente Barack Obama llama al desarrollo de la primera National HIV\/AIDS Strategy para los EEUU.<\/span>\n                                <\/div>\n                              <\/section>\n                            <\/li>\n                                                      <li class=\"timeline-item reverted\">\n                              <section>\n                                                                                                  <div class=\"image-block reverted\">\n                                    <img decoding=\"async\" width=\"401\" height=\"315\" data-src=\"https:\/\/endhivdallascounty.org\/wp-content\/uploads\/2022\/06\/The-TImeline-2009-December.jpg\" class=\"attachment-full size-full lazyload\" alt=\"\" data-srcset=\"https:\/\/endhivdallascounty.org\/wp-content\/uploads\/2022\/06\/The-TImeline-2009-December.jpg 401w, https:\/\/endhivdallascounty.org\/wp-content\/uploads\/2022\/06\/The-TImeline-2009-December-300x236.jpg 300w\" data-sizes=\"(max-width: 401px) 100vw, 401px\" src=\"data:image\/svg+xml;base64,PHN2ZyB3aWR0aD0iMSIgaGVpZ2h0PSIxIiB4bWxucz0iaHR0cDovL3d3dy53My5vcmcvMjAwMC9zdmciPjwvc3ZnPg==\" style=\"--smush-placeholder-width: 401px; --smush-placeholder-aspect-ratio: 401\/315;\" \/>                                  <\/div>\n                                                                <div class=\"text-block  reverted\">\n                                  <h2>Diciembre del 2009<\/h2>\n                                  <span>El Presidente Barack Obama firma la Consolidated Appropriations Act, 2010, modificando la prohibici\u00f3n del uso de fondos federales para los programas de intercambio de jeringas.<\/span>\n                                <\/div>\n                              <\/section>\n                            <\/li>\n                                              <\/ul>\n                                      <h2 class=\"tw:!text-white\" id=\"year-2010\">2010<\/h2>\n                    <ul class=\"timeline-items\">\n                                          <\/ul>\n                                      <h2 class=\"tw:!text-white\" id=\"year-2011\">2011<\/h2>\n                    <ul class=\"timeline-items\">\n                                                  <li class=\"timeline-item inverted\">\n                              <section>\n                                                                                                  <div class=\"image-block inverted\">\n                                    <img decoding=\"async\" width=\"401\" height=\"315\" data-src=\"https:\/\/endhivdallascounty.org\/wp-content\/uploads\/2022\/06\/The-TImeline-2011-July.jpg\" class=\"attachment-full size-full lazyload\" alt=\"\" data-srcset=\"https:\/\/endhivdallascounty.org\/wp-content\/uploads\/2022\/06\/The-TImeline-2011-July.jpg 401w, https:\/\/endhivdallascounty.org\/wp-content\/uploads\/2022\/06\/The-TImeline-2011-July-300x236.jpg 300w\" data-sizes=\"(max-width: 401px) 100vw, 401px\" src=\"data:image\/svg+xml;base64,PHN2ZyB3aWR0aD0iMSIgaGVpZ2h0PSIxIiB4bWxucz0iaHR0cDovL3d3dy53My5vcmcvMjAwMC9zdmciPjwvc3ZnPg==\" style=\"--smush-placeholder-width: 401px; --smush-placeholder-aspect-ratio: 401\/315;\" \/>                                  <\/div>\n                                                                <div class=\"text-block  inverted\">\n                                  <h2>Julio del 2011<\/h2>\n                                  <span>Un nuevo estudio de los Centros para el Control y Prevenci\u00f3n de Enfermedades de los EEUU proporciona la primera evidencia de que una dosis diaria de la droga antirretroviral puede reducir el contagio de VIH entre las personas que no est\u00e1n infectadas y que est\u00e1n expuestas al virus a trav\u00e9s de relaciones sexuales heterosexuales.<\/span>\n                                <\/div>\n                              <\/section>\n                            <\/li>\n                                              <\/ul>\n                                      <h2 class=\"tw:!text-white\" id=\"year-2012\">2012<\/h2>\n                    <ul class=\"timeline-items\">\n                                                  <li class=\"timeline-item inverted\">\n                              <section>\n                                                                                                  <div class=\"image-block inverted\">\n                                    <img decoding=\"async\" width=\"401\" height=\"316\" data-src=\"https:\/\/endhivdallascounty.org\/wp-content\/uploads\/2022\/06\/The-TImeline-2012-July.jpg\" class=\"attachment-full size-full lazyload\" alt=\"\" data-srcset=\"https:\/\/endhivdallascounty.org\/wp-content\/uploads\/2022\/06\/The-TImeline-2012-July.jpg 401w, https:\/\/endhivdallascounty.org\/wp-content\/uploads\/2022\/06\/The-TImeline-2012-July-300x236.jpg 300w\" data-sizes=\"(max-width: 401px) 100vw, 401px\" src=\"data:image\/svg+xml;base64,PHN2ZyB3aWR0aD0iMSIgaGVpZ2h0PSIxIiB4bWxucz0iaHR0cDovL3d3dy53My5vcmcvMjAwMC9zdmciPjwvc3ZnPg==\" style=\"--smush-placeholder-width: 401px; --smush-placeholder-aspect-ratio: 401\/316;\" \/>                                  <\/div>\n                                                                <div class=\"text-block  inverted\">\n                                  <h2>Julio del 2012<\/h2>\n                                  <span>El FDA aprueba el uso de Truvada\u00ae para profilaxis anterior a la exposici\u00f3n, conocida como PrEP.<br \/>\r\n<\/span>\n                                <\/div>\n                              <\/section>\n                            <\/li>\n                                              <\/ul>\n                                      <h2 class=\"tw:!text-white\" id=\"year-2013\">2013<\/h2>\n                    <ul class=\"timeline-items\">\n                                                  <li class=\"timeline-item inverted\">\n                              <section>\n                                                                                                  <div class=\"image-block inverted\">\n                                    <img decoding=\"async\" width=\"401\" height=\"316\" data-src=\"https:\/\/endhivdallascounty.org\/wp-content\/uploads\/2022\/06\/The-TImeline-2013-November.jpg\" class=\"attachment-full size-full lazyload\" alt=\"\" data-srcset=\"https:\/\/endhivdallascounty.org\/wp-content\/uploads\/2022\/06\/The-TImeline-2013-November.jpg 401w, https:\/\/endhivdallascounty.org\/wp-content\/uploads\/2022\/06\/The-TImeline-2013-November-300x236.jpg 300w\" data-sizes=\"(max-width: 401px) 100vw, 401px\" src=\"data:image\/svg+xml;base64,PHN2ZyB3aWR0aD0iMSIgaGVpZ2h0PSIxIiB4bWxucz0iaHR0cDovL3d3dy53My5vcmcvMjAwMC9zdmciPjwvc3ZnPg==\" style=\"--smush-placeholder-width: 401px; --smush-placeholder-aspect-ratio: 401\/316;\" \/>                                  <\/div>\n                                                                <div class=\"text-block  inverted\">\n                                  <h2>Noviembre del 2013<\/h2>\n                                  <span>El Presidente Obama firma el HIV Organ Policy Equity (HOPE) Act, que permite a las personas que viven con VIH recibir \u00f3rganos de donadores infectados con el virus. <\/span>\n                                <\/div>\n                              <\/section>\n                            <\/li>\n                                              <\/ul>\n                                      <h2 class=\"tw:!text-white\" id=\"year-2014\">2014<\/h2>\n                    <ul class=\"timeline-items\">\n                                                  <li class=\"timeline-item inverted\">\n                              <section>\n                                                                                                  <div class=\"image-block inverted\">\n                                    <img decoding=\"async\" width=\"401\" height=\"316\" data-src=\"https:\/\/endhivdallascounty.org\/wp-content\/uploads\/2023\/04\/timeline-90-90-90-.jpg\" class=\"attachment-full size-full lazyload\" alt=\"\" data-srcset=\"https:\/\/endhivdallascounty.org\/wp-content\/uploads\/2023\/04\/timeline-90-90-90-.jpg 401w, https:\/\/endhivdallascounty.org\/wp-content\/uploads\/2023\/04\/timeline-90-90-90--300x236.jpg 300w\" data-sizes=\"(max-width: 401px) 100vw, 401px\" src=\"data:image\/svg+xml;base64,PHN2ZyB3aWR0aD0iMSIgaGVpZ2h0PSIxIiB4bWxucz0iaHR0cDovL3d3dy53My5vcmcvMjAwMC9zdmciPjwvc3ZnPg==\" style=\"--smush-placeholder-width: 401px; --smush-placeholder-aspect-ratio: 401\/316;\" \/>                                  <\/div>\n                                                                <div class=\"text-block  inverted\">\n                                  <h2>Enero del 2014<\/h2>\n                                  <span>UNAIDS establece metas de 90-90-90.<\/span>\n                                <\/div>\n                              <\/section>\n                            <\/li>\n                                                      <li class=\"timeline-item reverted\">\n                              <section>\n                                                                                                  <div class=\"image-block reverted\">\n                                    <img decoding=\"async\" width=\"401\" height=\"316\" data-src=\"https:\/\/endhivdallascounty.org\/wp-content\/uploads\/2023\/04\/The-TImeline-Paris.jpg\" class=\"attachment-full size-full lazyload\" alt=\"\" data-srcset=\"https:\/\/endhivdallascounty.org\/wp-content\/uploads\/2023\/04\/The-TImeline-Paris.jpg 401w, https:\/\/endhivdallascounty.org\/wp-content\/uploads\/2023\/04\/The-TImeline-Paris-300x236.jpg 300w\" data-sizes=\"(max-width: 401px) 100vw, 401px\" src=\"data:image\/svg+xml;base64,PHN2ZyB3aWR0aD0iMSIgaGVpZ2h0PSIxIiB4bWxucz0iaHR0cDovL3d3dy53My5vcmcvMjAwMC9zdmciPjwvc3ZnPg==\" style=\"--smush-placeholder-width: 401px; --smush-placeholder-aspect-ratio: 401\/316;\" \/>                                  <\/div>\n                                                                <div class=\"text-block  reverted\">\n                                  <h2>Febrero del 2014<\/h2>\n                                  <span>Paris firma la declaraci\u00f3n como Ciudades de Acci\u00f3n Acelerada.<\/span>\n                                <\/div>\n                              <\/section>\n                            <\/li>\n                                              <\/ul>\n                                      <h2 class=\"tw:!text-white\" id=\"year-2018\">2018<\/h2>\n                    <ul class=\"timeline-items\">\n                                                  <li class=\"timeline-item inverted\">\n                              <section>\n                                                                                                  <div class=\"image-block inverted\">\n                                    <img decoding=\"async\" width=\"401\" height=\"316\" data-src=\"https:\/\/endhivdallascounty.org\/wp-content\/uploads\/2023\/04\/The-TImeline-texas.jpg\" class=\"attachment-full size-full lazyload\" alt=\"\" data-srcset=\"https:\/\/endhivdallascounty.org\/wp-content\/uploads\/2023\/04\/The-TImeline-texas.jpg 401w, https:\/\/endhivdallascounty.org\/wp-content\/uploads\/2023\/04\/The-TImeline-texas-300x236.jpg 300w\" data-sizes=\"(max-width: 401px) 100vw, 401px\" src=\"data:image\/svg+xml;base64,PHN2ZyB3aWR0aD0iMSIgaGVpZ2h0PSIxIiB4bWxucz0iaHR0cDovL3d3dy53My5vcmcvMjAwMC9zdmciPjwvc3ZnPg==\" style=\"--smush-placeholder-width: 401px; --smush-placeholder-aspect-ratio: 401\/316;\" \/>                                  <\/div>\n                                                                <div class=\"text-block  inverted\">\n                                  <h2>Noviembre del 2018<\/h2>\n                                  <span>El estado de Texas y el condado de Dallas lanzan un plan para lograrlo juntos.<\/span>\n                                <\/div>\n                              <\/section>\n                            <\/li>\n                                              <\/ul>\n                                      <h2 class=\"tw:!text-white\" id=\"year-2019\">2019<\/h2>\n                    <ul class=\"timeline-items\">\n                                                  <li class=\"timeline-item inverted\">\n                              <section>\n                                                                                                  <div class=\"image-block inverted\">\n                                    <img decoding=\"async\" width=\"401\" height=\"316\" data-src=\"https:\/\/endhivdallascounty.org\/wp-content\/uploads\/2022\/06\/The-TImeline-2019-February.jpg\" class=\"attachment-full size-full lazyload\" alt=\"\" data-srcset=\"https:\/\/endhivdallascounty.org\/wp-content\/uploads\/2022\/06\/The-TImeline-2019-February.jpg 401w, https:\/\/endhivdallascounty.org\/wp-content\/uploads\/2022\/06\/The-TImeline-2019-February-300x236.jpg 300w\" data-sizes=\"(max-width: 401px) 100vw, 401px\" src=\"data:image\/svg+xml;base64,PHN2ZyB3aWR0aD0iMSIgaGVpZ2h0PSIxIiB4bWxucz0iaHR0cDovL3d3dy53My5vcmcvMjAwMC9zdmciPjwvc3ZnPg==\" style=\"--smush-placeholder-width: 401px; --smush-placeholder-aspect-ratio: 401\/316;\" \/>                                  <\/div>\n                                                                <div class=\"text-block  inverted\">\n                                  <h2>Enero del 2019<\/h2>\n                                  <span>El Presidente Donald J. Trump anuncia la iniciativa de su administraci\u00f3n, Ending the Epidemic: A Plan for America, durante su discurso del estado de la uni\u00f3n ante el Congreso<\/span>\n                                <\/div>\n                              <\/section>\n                            <\/li>\n                                                      <li class=\"timeline-item reverted\">\n                              <section>\n                                                                                                  <div class=\"image-block reverted\">\n                                    <img decoding=\"async\" width=\"401\" height=\"316\" data-src=\"https:\/\/endhivdallascounty.org\/wp-content\/uploads\/2023\/04\/The-TImeline-dallas.jpg\" class=\"attachment-full size-full lazyload\" alt=\"\" data-srcset=\"https:\/\/endhivdallascounty.org\/wp-content\/uploads\/2023\/04\/The-TImeline-dallas.jpg 401w, https:\/\/endhivdallascounty.org\/wp-content\/uploads\/2023\/04\/The-TImeline-dallas-300x236.jpg 300w\" data-sizes=\"(max-width: 401px) 100vw, 401px\" src=\"data:image\/svg+xml;base64,PHN2ZyB3aWR0aD0iMSIgaGVpZ2h0PSIxIiB4bWxucz0iaHR0cDovL3d3dy53My5vcmcvMjAwMC9zdmciPjwvc3ZnPg==\" style=\"--smush-placeholder-width: 401px; --smush-placeholder-aspect-ratio: 401\/316;\" \/>                                  <\/div>\n                                                                <div class=\"text-block  reverted\">\n                                  <h2>Agosto del 2019<\/h2>\n                                  <span>Dallas se convierte en un Condado de Acci\u00f3n Acelerada para Acabar con la Epidemia del VIH.<br \/>\r\n<\/span>\n                                <\/div>\n                              <\/section>\n                            <\/li>\n                                              <\/ul>\n                                      <h2 class=\"tw:!text-white\" id=\"year-2020\">2020<\/h2>\n                    <ul class=\"timeline-items\">\n                                                  <li class=\"timeline-item inverted\">\n                              <section>\n                                                                                                  <div class=\"image-block inverted\">\n                                    <img decoding=\"async\" width=\"401\" height=\"316\" data-src=\"https:\/\/endhivdallascounty.org\/wp-content\/uploads\/2023\/04\/The-TImeline-us.jpg\" class=\"attachment-full size-full lazyload\" alt=\"\" data-srcset=\"https:\/\/endhivdallascounty.org\/wp-content\/uploads\/2023\/04\/The-TImeline-us.jpg 401w, https:\/\/endhivdallascounty.org\/wp-content\/uploads\/2023\/04\/The-TImeline-us-300x236.jpg 300w\" data-sizes=\"(max-width: 401px) 100vw, 401px\" src=\"data:image\/svg+xml;base64,PHN2ZyB3aWR0aD0iMSIgaGVpZ2h0PSIxIiB4bWxucz0iaHR0cDovL3d3dy53My5vcmcvMjAwMC9zdmciPjwvc3ZnPg==\" style=\"--smush-placeholder-width: 401px; --smush-placeholder-aspect-ratio: 401\/316;\" \/>                                  <\/div>\n                                                                <div class=\"text-block  inverted\">\n                                  <h2>1 de Enero del 2020<\/h2>\n                                  <span>La iniciativa Ending the HIV Epidemic comienza para todos los estados de la naci\u00f3n y los siete territorios.<br \/>\r\n<\/span>\n                                <\/div>\n                              <\/section>\n                            <\/li>\n                                                      <li class=\"timeline-item reverted\">\n                              <section>\n                                                                                                <div class=\"text-block tw:!w-full reverted\">\n                                  <h2>Diciembre del 2020<\/h2>\n                                  <span>El condado de Dallas reconoce diciembre como el mes de concientizaci\u00f3n sobre el VIH.<\/span>\n                                <\/div>\n                              <\/section>\n                            <\/li>\n                                              <\/ul>\n                                      <h2 class=\"tw:!text-white\" id=\"year-2021\">2021<\/h2>\n                    <ul class=\"timeline-items\">\n                                                  <li class=\"timeline-item inverted\">\n                              <section>\n                                                                                                  <div class=\"image-block inverted\">\n                                    <img decoding=\"async\" width=\"1521\" height=\"702\" data-src=\"https:\/\/endhivdallascounty.org\/wp-content\/uploads\/2022\/05\/talk-3.jpg\" class=\"attachment-full size-full lazyload\" alt=\"\" data-srcset=\"https:\/\/endhivdallascounty.org\/wp-content\/uploads\/2022\/05\/talk-3.jpg 1521w, https:\/\/endhivdallascounty.org\/wp-content\/uploads\/2022\/05\/talk-3-300x138.jpg 300w, https:\/\/endhivdallascounty.org\/wp-content\/uploads\/2022\/05\/talk-3-1024x473.jpg 1024w, https:\/\/endhivdallascounty.org\/wp-content\/uploads\/2022\/05\/talk-3-768x354.jpg 768w, https:\/\/endhivdallascounty.org\/wp-content\/uploads\/2022\/05\/talk-3-500x231.jpg 500w\" data-sizes=\"(max-width: 1521px) 100vw, 1521px\" src=\"data:image\/svg+xml;base64,PHN2ZyB3aWR0aD0iMSIgaGVpZ2h0PSIxIiB4bWxucz0iaHR0cDovL3d3dy53My5vcmcvMjAwMC9zdmciPjwvc3ZnPg==\" style=\"--smush-placeholder-width: 1521px; --smush-placeholder-aspect-ratio: 1521\/702;\" \/>                                  <\/div>\n                                                                <div class=\"text-block  inverted\">\n                                  <h2>Diciembre del 2021<\/h2>\n                                  <span>El FDA aprueba la primera versi\u00f3n Inyectable de acci\u00f3n prolongada de PrEP para uso en adultos y adolescentes.<\/span>\n                                <\/div>\n                              <\/section>\n                            <\/li>\n                                                      <li class=\"timeline-item reverted\">\n                              <section>\n                                                                                                <div class=\"text-block tw:!w-full reverted\">\n                                  <h2>Diciembre del 2021<\/h2>\n                                  <span>La proporci\u00f3n de personas en Texas con VIH que saben su estatus aumenta de 79% en 2012 a casi 84% en 2021. <\/span>\n                                <\/div>\n                              <\/section>\n                            <\/li>\n                                              <\/ul>\n                                      <h2 class=\"tw:!text-white\" id=\"year-2022\">2022<\/h2>\n                    <ul class=\"timeline-items\">\n                                                  <li class=\"timeline-item inverted\">\n                              <section>\n                                                                                                <div class=\"text-block tw:!w-full inverted\">\n                                  <h2>Enero del 2022<\/h2>\n                                  <span>El Ryan White HIV\/AIDS Program proporciona cuidados que salvan vidas, medicamentos, y servicios de apoyo esenciales a m\u00e1s de 576,000 personas con VIH en los EEUU, logrando una supresi\u00f3n viral r\u00e9cord de casi 91% entre sus clientes.  <\/span>\n                                <\/div>\n                              <\/section>\n                            <\/li>\n                                              <\/ul>\n                                      <h2 class=\"tw:!text-white\" id=\"year-2023\">2023<\/h2>\n                    <ul class=\"timeline-items\">\n                                                  <li class=\"timeline-item inverted\">\n                              <section>\n                                                                                                <div class=\"text-block tw:!w-full inverted\">\n                                  <h2>Abril del 2023<\/h2>\n                                  <span>La Health Resources and Services Administration (HRSA) Le proporciona m\u00e1s de $147 millones en 49 subvenciones como parte de la iniciativa Ending the HIV Epidemic in the US (EHE) que busca reducir el n\u00famero de nuevas infecciones en los EEUU.<br \/>\r\n<\/span>\n                                <\/div>\n                              <\/section>\n                            <\/li>\n                                                      <li class=\"timeline-item reverted\">\n                              <section>\n                                                                                                <div class=\"text-block tw:!w-full reverted\">\n                                  <h2>Diciembre del 2023<\/h2>\n                                  <span>La Corte de Comisionados del Condado de Dallas emite una resoluci\u00f3n que reconoce diciembre como el Mes de la Concientizaci\u00f3n del VIH reafirmando el compromiso del condado con combatir la epidemia del VIH.<\/span>\n                                <\/div>\n                              <\/section>\n                            <\/li>\n                                              <\/ul>\n                                      <h2 class=\"tw:!text-white\" id=\"year-2024\">2024<\/h2>\n                    <ul class=\"timeline-items\">\n                                                  <li class=\"timeline-item inverted\">\n                              <section>\n                                                                                                <div class=\"text-block tw:!w-full inverted\">\n                                  <h2>Julio del 2024<\/h2>\n                                  <span>Gilead Sciences anuncia que su droga de prevenci\u00f3n del VIH, lenacapavir, demuestra una reducci\u00f3n del 96% en infecciones de VIH en una extensa prueba cl\u00ednica de hombres que tiene relaciones sexuales con hombres. Gilead planea buscar aprobaci\u00f3n del FDA a finales del 2024 para probablemente salir al mercado en 2025.<\/span>\n                                <\/div>\n                              <\/section>\n                            <\/li>\n                                                      <li class=\"timeline-item reverted\">\n                              <section>\n                                                                                                  <div class=\"image-block reverted\">\n                                    <img decoding=\"async\" width=\"2560\" height=\"1654\" data-src=\"https:\/\/endhivdallascounty.org\/wp-content\/uploads\/2022\/06\/News-4-scaled.jpg\" class=\"attachment-full size-full lazyload\" alt=\"\" data-srcset=\"https:\/\/endhivdallascounty.org\/wp-content\/uploads\/2022\/06\/News-4-scaled.jpg 2560w, https:\/\/endhivdallascounty.org\/wp-content\/uploads\/2022\/06\/News-4-300x194.jpg 300w, https:\/\/endhivdallascounty.org\/wp-content\/uploads\/2022\/06\/News-4-1024x662.jpg 1024w, https:\/\/endhivdallascounty.org\/wp-content\/uploads\/2022\/06\/News-4-768x496.jpg 768w, https:\/\/endhivdallascounty.org\/wp-content\/uploads\/2022\/06\/News-4-1536x993.jpg 1536w, https:\/\/endhivdallascounty.org\/wp-content\/uploads\/2022\/06\/News-4-2048x1323.jpg 2048w, https:\/\/endhivdallascounty.org\/wp-content\/uploads\/2022\/06\/News-4-500x323.jpg 500w\" data-sizes=\"(max-width: 2560px) 100vw, 2560px\" src=\"data:image\/svg+xml;base64,PHN2ZyB3aWR0aD0iMSIgaGVpZ2h0PSIxIiB4bWxucz0iaHR0cDovL3d3dy53My5vcmcvMjAwMC9zdmciPjwvc3ZnPg==\" style=\"--smush-placeholder-width: 2560px; --smush-placeholder-aspect-ratio: 2560\/1654;\" \/>                                  <\/div>\n                                                                <div class=\"text-block  reverted\">\n                                  <h2>Agosto del 2024<\/h2>\n                                  <span>UNAIDS reporta que, desde el 2023, aproximadamente 39.9 millones de personas en el mundo viven con VIH. La organizaci\u00f3n enfatiza la necesidad de incrementar los fondos y recursos para lograr la meta del 2025 de $29.3 mil millones y efectivamente combatir la epidemia.  <br \/>\r\n<\/span>\n                                <\/div>\n                              <\/section>\n                            <\/li>\n                                              <\/ul>\n                                      <h2 class=\"tw:!text-white\" id=\"year-2025\">2025<\/h2>\n                    <ul class=\"timeline-items\">\n                                                  <li class=\"timeline-item inverted\">\n                              <section>\n                                                                                                  <div class=\"image-block inverted\">\n                                    <img decoding=\"async\" width=\"2560\" height=\"1440\" data-src=\"https:\/\/endhivdallascounty.org\/wp-content\/uploads\/2022\/06\/News-5-scaled.jpg\" class=\"attachment-full size-full lazyload\" alt=\"\" data-srcset=\"https:\/\/endhivdallascounty.org\/wp-content\/uploads\/2022\/06\/News-5-scaled.jpg 2560w, https:\/\/endhivdallascounty.org\/wp-content\/uploads\/2022\/06\/News-5-300x169.jpg 300w, https:\/\/endhivdallascounty.org\/wp-content\/uploads\/2022\/06\/News-5-1024x576.jpg 1024w, https:\/\/endhivdallascounty.org\/wp-content\/uploads\/2022\/06\/News-5-768x432.jpg 768w, https:\/\/endhivdallascounty.org\/wp-content\/uploads\/2022\/06\/News-5-1536x864.jpg 1536w, https:\/\/endhivdallascounty.org\/wp-content\/uploads\/2022\/06\/News-5-2048x1152.jpg 2048w, https:\/\/endhivdallascounty.org\/wp-content\/uploads\/2022\/06\/News-5-500x281.jpg 500w\" data-sizes=\"(max-width: 2560px) 100vw, 2560px\" src=\"data:image\/svg+xml;base64,PHN2ZyB3aWR0aD0iMSIgaGVpZ2h0PSIxIiB4bWxucz0iaHR0cDovL3d3dy53My5vcmcvMjAwMC9zdmciPjwvc3ZnPg==\" style=\"--smush-placeholder-width: 2560px; --smush-placeholder-aspect-ratio: 2560\/1440;\" \/>                                  <\/div>\n                                                                <div class=\"text-block  inverted\">\n                                  <h2>Diciembre del 2025<\/h2>\n                                  <span>La iniciativa del CDC Ending the HIV Epidemic in the US (EHE) para reducir nuevas infecciones del VIH en un 75% para el 2025, establece un hito cr\u00edtico en los esfuerzos nacionales para acabar con la epidemia.<\/span>\n                                <\/div>\n                              <\/section>\n                            <\/li>\n                                              <\/ul>\n                                      <h2 class=\"tw:!text-white\" id=\"year-2030\">2030<\/h2>\n                    <ul class=\"timeline-items\">\n                                                  <li class=\"timeline-item inverted\">\n                              <section>\n                                                                                                  <div class=\"image-block inverted\">\n                                    <img decoding=\"async\" width=\"227\" height=\"74\" data-src=\"https:\/\/endhivdallascounty.org\/wp-content\/uploads\/2025\/02\/logo-ehe.svg\" class=\"attachment-full size-full lazyload\" alt=\"Dallas County EHE\" src=\"data:image\/svg+xml;base64,PHN2ZyB3aWR0aD0iMSIgaGVpZ2h0PSIxIiB4bWxucz0iaHR0cDovL3d3dy53My5vcmcvMjAwMC9zdmciPjwvc3ZnPg==\" style=\"--smush-placeholder-width: 227px; --smush-placeholder-aspect-ratio: 227\/74;\" \/>                                  <\/div>\n                                                                <div class=\"text-block  inverted\">\n                                  <h2>Diciembre del 2030<\/h2>\n                                  <span>Lograr por lo menos el 90% de reducci\u00f3n de nuevas infecciones de VIH.<br \/>\r\n<\/span>\n                                <\/div>\n                              <\/section>\n                            <\/li>\n                                              <\/ul>\n                            <\/div>\n        <\/div>\n      <\/div>\n    <\/div>\n  <\/div>\n\n  <div class=\"scroll-to-top\">\n    <i class=\"fa fa-chevron-up\" aria-hidden=\"true\"><\/i>\n  <\/div>\n\n  <script>\n    $(document).ready(function () {\n      bindControlsOnLoadInTimeline();\n    })\n  <\/script>\n\n","protected":false},"excerpt":{"rendered":"","protected":false},"author":1,"featured_media":0,"parent":0,"menu_order":0,"comment_status":"closed","ping_status":"closed","template":"templates\/the-timeline.php","meta":{"_acf_changed":false,"content-type":"","footnotes":""},"class_list":["post-1266","page","type-page","status-publish","hentry"],"acf":[],"yoast_head":"<!-- This site is optimized with the Yoast SEO plugin v27.5 - https:\/\/yoast.com\/product\/yoast-seo-wordpress\/ -->\n<title>La l\u00ednea de tiempo | Poner fin al VIH | End HIV<\/title>\n<meta name=\"description\" content=\"Conozca la historia del VIH que comenz\u00f3 hace m\u00e1s de 40 a\u00f1os. Cada momento importa y cada hito cuenta en el esfuerzo por poner fin a la epidemia del VIH.\" \/>\n<meta name=\"robots\" content=\"index, follow, max-snippet:-1, max-image-preview:large, max-video-preview:-1\" \/>\n<link rel=\"canonical\" href=\"https:\/\/endhivdallascounty.org\/es\/the-timeline\/\" \/>\n<meta property=\"og:locale\" content=\"es_ES\" \/>\n<meta property=\"og:type\" content=\"article\" \/>\n<meta property=\"og:title\" content=\"La l\u00ednea de tiempo | Poner fin al VIH | End HIV\" \/>\n<meta property=\"og:description\" content=\"Conozca la historia del VIH que comenz\u00f3 hace m\u00e1s de 40 a\u00f1os. Cada momento importa y cada hito cuenta en el esfuerzo por poner fin a la epidemia del VIH.\" \/>\n<meta property=\"og:url\" content=\"https:\/\/endhivdallascounty.org\/es\/the-timeline\/\" \/>\n<meta property=\"og:site_name\" content=\"End HIV\" \/>\n<meta property=\"article:modified_time\" content=\"2025-03-13T13:39:06+00:00\" \/>\n<meta name=\"twitter:card\" content=\"summary_large_image\" \/>\n<script type=\"application\/ld+json\" class=\"yoast-schema-graph\">{\"@context\":\"https:\\\/\\\/schema.org\",\"@graph\":[{\"@type\":\"WebPage\",\"@id\":\"https:\\\/\\\/endhivdallascounty.org\\\/es\\\/the-timeline\\\/\",\"url\":\"https:\\\/\\\/endhivdallascounty.org\\\/es\\\/the-timeline\\\/\",\"name\":\"La l\u00ednea de tiempo | Poner fin al VIH | End HIV\",\"isPartOf\":{\"@id\":\"https:\\\/\\\/endhivdallascounty.org\\\/#website\"},\"datePublished\":\"2022-06-27T06:43:27+00:00\",\"dateModified\":\"2025-03-13T13:39:06+00:00\",\"description\":\"Conozca la historia del VIH que comenz\u00f3 hace m\u00e1s de 40 a\u00f1os. Cada momento importa y cada hito cuenta en el esfuerzo por poner fin a la epidemia del VIH.\",\"breadcrumb\":{\"@id\":\"https:\\\/\\\/endhivdallascounty.org\\\/es\\\/the-timeline\\\/#breadcrumb\"},\"inLanguage\":\"es\",\"potentialAction\":[{\"@type\":\"ReadAction\",\"target\":[\"https:\\\/\\\/endhivdallascounty.org\\\/es\\\/the-timeline\\\/\"]}]},{\"@type\":\"BreadcrumbList\",\"@id\":\"https:\\\/\\\/endhivdallascounty.org\\\/es\\\/the-timeline\\\/#breadcrumb\",\"itemListElement\":[{\"@type\":\"ListItem\",\"position\":1,\"name\":\"Home\",\"item\":\"https:\\\/\\\/endhivdallascounty.org\\\/es\\\/\"},{\"@type\":\"ListItem\",\"position\":2,\"name\":\"CRONOLOG\u00cdA\"}]},{\"@type\":\"WebSite\",\"@id\":\"https:\\\/\\\/endhivdallascounty.org\\\/#website\",\"url\":\"https:\\\/\\\/endhivdallascounty.org\\\/\",\"name\":\"End HIV\",\"description\":\"Just another WordPress site\",\"publisher\":{\"@id\":\"https:\\\/\\\/endhivdallascounty.org\\\/#organization\"},\"potentialAction\":[{\"@type\":\"SearchAction\",\"target\":{\"@type\":\"EntryPoint\",\"urlTemplate\":\"https:\\\/\\\/endhivdallascounty.org\\\/?s={search_term_string}\"},\"query-input\":{\"@type\":\"PropertyValueSpecification\",\"valueRequired\":true,\"valueName\":\"search_term_string\"}}],\"inLanguage\":\"es\"},{\"@type\":\"Organization\",\"@id\":\"https:\\\/\\\/endhivdallascounty.org\\\/#organization\",\"name\":\"End HIV Dallas County\",\"url\":\"https:\\\/\\\/endhivdallascounty.org\\\/\",\"logo\":{\"@type\":\"ImageObject\",\"inLanguage\":\"es\",\"@id\":\"https:\\\/\\\/endhivdallascounty.org\\\/#\\\/schema\\\/logo\\\/image\\\/\",\"url\":\"https:\\\/\\\/endhivdallascounty.org\\\/wp-content\\\/uploads\\\/2022\\\/01\\\/endhiv-logo.png\",\"contentUrl\":\"https:\\\/\\\/endhivdallascounty.org\\\/wp-content\\\/uploads\\\/2022\\\/01\\\/endhiv-logo.png\",\"width\":345,\"height\":103,\"caption\":\"End HIV Dallas County\"},\"image\":{\"@id\":\"https:\\\/\\\/endhivdallascounty.org\\\/#\\\/schema\\\/logo\\\/image\\\/\"}}]}<\/script>\n<!-- \/ Yoast SEO plugin. -->","yoast_head_json":{"title":"La l\u00ednea de tiempo | Poner fin al VIH | End HIV","description":"Conozca la historia del VIH que comenz\u00f3 hace m\u00e1s de 40 a\u00f1os. Cada momento importa y cada hito cuenta en el esfuerzo por poner fin a la epidemia del VIH.","robots":{"index":"index","follow":"follow","max-snippet":"max-snippet:-1","max-image-preview":"max-image-preview:large","max-video-preview":"max-video-preview:-1"},"canonical":"https:\/\/endhivdallascounty.org\/es\/the-timeline\/","og_locale":"es_ES","og_type":"article","og_title":"La l\u00ednea de tiempo | Poner fin al VIH | End HIV","og_description":"Conozca la historia del VIH que comenz\u00f3 hace m\u00e1s de 40 a\u00f1os. Cada momento importa y cada hito cuenta en el esfuerzo por poner fin a la epidemia del VIH.","og_url":"https:\/\/endhivdallascounty.org\/es\/the-timeline\/","og_site_name":"End HIV","article_modified_time":"2025-03-13T13:39:06+00:00","twitter_card":"summary_large_image","schema":{"@context":"https:\/\/schema.org","@graph":[{"@type":"WebPage","@id":"https:\/\/endhivdallascounty.org\/es\/the-timeline\/","url":"https:\/\/endhivdallascounty.org\/es\/the-timeline\/","name":"La l\u00ednea de tiempo | Poner fin al VIH | End HIV","isPartOf":{"@id":"https:\/\/endhivdallascounty.org\/#website"},"datePublished":"2022-06-27T06:43:27+00:00","dateModified":"2025-03-13T13:39:06+00:00","description":"Conozca la historia del VIH que comenz\u00f3 hace m\u00e1s de 40 a\u00f1os. Cada momento importa y cada hito cuenta en el esfuerzo por poner fin a la epidemia del VIH.","breadcrumb":{"@id":"https:\/\/endhivdallascounty.org\/es\/the-timeline\/#breadcrumb"},"inLanguage":"es","potentialAction":[{"@type":"ReadAction","target":["https:\/\/endhivdallascounty.org\/es\/the-timeline\/"]}]},{"@type":"BreadcrumbList","@id":"https:\/\/endhivdallascounty.org\/es\/the-timeline\/#breadcrumb","itemListElement":[{"@type":"ListItem","position":1,"name":"Home","item":"https:\/\/endhivdallascounty.org\/es\/"},{"@type":"ListItem","position":2,"name":"CRONOLOG\u00cdA"}]},{"@type":"WebSite","@id":"https:\/\/endhivdallascounty.org\/#website","url":"https:\/\/endhivdallascounty.org\/","name":"End HIV","description":"Just another WordPress site","publisher":{"@id":"https:\/\/endhivdallascounty.org\/#organization"},"potentialAction":[{"@type":"SearchAction","target":{"@type":"EntryPoint","urlTemplate":"https:\/\/endhivdallascounty.org\/?s={search_term_string}"},"query-input":{"@type":"PropertyValueSpecification","valueRequired":true,"valueName":"search_term_string"}}],"inLanguage":"es"},{"@type":"Organization","@id":"https:\/\/endhivdallascounty.org\/#organization","name":"End HIV Dallas County","url":"https:\/\/endhivdallascounty.org\/","logo":{"@type":"ImageObject","inLanguage":"es","@id":"https:\/\/endhivdallascounty.org\/#\/schema\/logo\/image\/","url":"https:\/\/endhivdallascounty.org\/wp-content\/uploads\/2022\/01\/endhiv-logo.png","contentUrl":"https:\/\/endhivdallascounty.org\/wp-content\/uploads\/2022\/01\/endhiv-logo.png","width":345,"height":103,"caption":"End HIV Dallas County"},"image":{"@id":"https:\/\/endhivdallascounty.org\/#\/schema\/logo\/image\/"}}]}},"_links":{"self":[{"href":"https:\/\/endhivdallascounty.org\/es\/wp-json\/wp\/v2\/pages\/1266","targetHints":{"allow":["GET"]}}],"collection":[{"href":"https:\/\/endhivdallascounty.org\/es\/wp-json\/wp\/v2\/pages"}],"about":[{"href":"https:\/\/endhivdallascounty.org\/es\/wp-json\/wp\/v2\/types\/page"}],"author":[{"embeddable":true,"href":"https:\/\/endhivdallascounty.org\/es\/wp-json\/wp\/v2\/users\/1"}],"replies":[{"embeddable":true,"href":"https:\/\/endhivdallascounty.org\/es\/wp-json\/wp\/v2\/comments?post=1266"}],"version-history":[{"count":9,"href":"https:\/\/endhivdallascounty.org\/es\/wp-json\/wp\/v2\/pages\/1266\/revisions"}],"predecessor-version":[{"id":4273,"href":"https:\/\/endhivdallascounty.org\/es\/wp-json\/wp\/v2\/pages\/1266\/revisions\/4273"}],"wp:attachment":[{"href":"https:\/\/endhivdallascounty.org\/es\/wp-json\/wp\/v2\/media?parent=1266"}],"curies":[{"name":"wp","href":"https:\/\/api.w.org\/{rel}","templated":true}]}}